{"id":23038,"date":"2026-02-13T02:29:00","date_gmt":"2026-02-13T07:29:00","guid":{"rendered":"https:\/\/iteraprocess.com\/politica-esquema-nacional-de-seguridad\/"},"modified":"2026-04-27T14:46:19","modified_gmt":"2026-04-27T19:46:19","slug":"politica-esquema-nacional-de-seguridad","status":"publish","type":"page","link":"https:\/\/iteraprocess.com\/es_la\/politica-esquema-nacional-de-seguridad\/","title":{"rendered":"Pol\u00edtica Esquema Nacional de Seguridad"},"content":{"rendered":"\t\t<div data-elementor-type=\"wp-page\" data-elementor-id=\"23038\" class=\"elementor elementor-23038 elementor-17008\" data-elementor-post-type=\"page\">\n\t\t\t\t<div class=\"elementor-element elementor-element-b70a3a0 e-con-full e-flex e-con e-parent\" data-id=\"b70a3a0\" data-element_type=\"container\">\n\t\t<div class=\"elementor-element elementor-element-14bd7a8 e-con-full e-flex e-con e-child\" data-id=\"14bd7a8\" data-element_type=\"container\" data-settings=\"{&quot;background_background&quot;:&quot;classic&quot;}\">\n\t\t\t\t<div class=\"elementor-element elementor-element-902e26c elementor-widget elementor-widget-text-editor\" data-id=\"902e26c\" data-element_type=\"widget\" data-widget_type=\"text-editor.default\">\n\t\t\t\t<div class=\"elementor-widget-container\">\n\t\t\t\t\t\t\t\t\t<h1 class=\"header_title\"><span class=\"title_a\">Pol\u00edtica Esquema Nacional <\/span><span class=\"title_b\">de Seguridad<\/span><\/h1>\t\t\t\t\t\t\t\t<\/div>\n\t\t\t\t<\/div>\n\t\t<div class=\"elementor-element elementor-element-10855f2 e-con-full custom-breadcrumbs-content e-flex e-con e-child\" data-id=\"10855f2\" data-element_type=\"container\" data-settings=\"{&quot;background_background&quot;:&quot;classic&quot;,&quot;position&quot;:&quot;absolute&quot;}\">\n\t\t\t\t<div class=\"elementor-element elementor-element-781fe3f elementor-widget__width-auto custom-breadcrumbs elementor-widget elementor-widget-text-editor\" data-id=\"781fe3f\" data-element_type=\"widget\" data-widget_type=\"text-editor.default\">\n\t\t\t\t<div class=\"elementor-widget-container\">\n\t\t\t\t\t\t\t\t\t<ul><li><a href=\"\/\">Home<\/a><\/li><li>Pol\u00edtica Esquema Nacional de Seguridad<\/li><\/ul>\t\t\t\t\t\t\t\t<\/div>\n\t\t\t\t<\/div>\n\t\t\t\t<\/div>\n\t\t\t\t<\/div>\n\t\t\t\t<\/div>\n\t\t<div class=\"elementor-element elementor-element-87e0332 e-flex e-con-boxed e-con e-parent\" data-id=\"87e0332\" data-element_type=\"container\">\n\t\t\t\t\t<div class=\"e-con-inner\">\n\t\t\t\t<div class=\"elementor-element elementor-element-9211e8b elementor-widget elementor-widget-html\" data-id=\"9211e8b\" data-element_type=\"widget\" data-widget_type=\"html.default\">\n\t\t\t\t<div class=\"elementor-widget-container\">\n\t\t\t\t\t<style>.page-title-container .page-title{\n    display: block;\n        text-align: center;\n}\n<\/style>\t\t\t\t<\/div>\n\t\t\t\t<\/div>\n\t\t\t\t\t<\/div>\n\t\t\t\t<\/div>\n\t\t<div class=\"elementor-element elementor-element-35c4b27 e-flex e-con-boxed e-con e-parent\" data-id=\"35c4b27\" data-element_type=\"container\">\n\t\t\t\t\t<div class=\"e-con-inner\">\n\t\t\t\t<div class=\"elementor-element elementor-element-fda6f1f elementor-widget elementor-widget-text-editor\" data-id=\"fda6f1f\" data-element_type=\"widget\" data-widget_type=\"text-editor.default\">\n\t\t\t\t<div class=\"elementor-widget-container\">\n\t\t\t\t\t\t\t\t\t<p><strong>Versi\u00f3n vigente:<\/strong><\/p>\t\t\t\t\t\t\t\t<\/div>\n\t\t\t\t<\/div>\n\t\t\t\t<div class=\"elementor-element elementor-element-f7bfafa elementor-widget elementor-widget-post-info\" data-id=\"f7bfafa\" data-element_type=\"widget\" data-widget_type=\"post-info.default\">\n\t\t\t\t<div class=\"elementor-widget-container\">\n\t\t\t\t\t\t\t<ul class=\"elementor-inline-items elementor-icon-list-items elementor-post-info\">\n\t\t\t\t\t\t\t\t<li class=\"elementor-icon-list-item elementor-repeater-item-f8dc895 elementor-inline-item\" itemprop=\"datePublished\">\n\t\t\t\t\t\t\t\t\t\t<span class=\"elementor-icon-list-icon\">\n\t\t\t\t\t\t\t\t<i aria-hidden=\"true\" class=\"fas fa-calendar\"><\/i>\t\t\t\t\t\t\t<\/span>\n\t\t\t\t\t\t\t\t\t<span class=\"elementor-icon-list-text elementor-post-info__item elementor-post-info__item--type-date\">\n\t\t\t\t\t\t\t\t\t\t<time>13 February, 2026<\/time>\t\t\t\t\t<\/span>\n\t\t\t\t\t\t\t\t<\/li>\n\t\t\t\t<\/ul>\n\t\t\t\t\t\t<\/div>\n\t\t\t\t<\/div>\n\t\t\t\t<div class=\"elementor-element elementor-element-ae307bd elementor-widget__width-initial elementor-widget elementor-widget-text-editor\" data-id=\"ae307bd\" data-element_type=\"widget\" data-widget_type=\"text-editor.default\">\n\t\t\t\t<div class=\"elementor-widget-container\">\n\t\t\t\t\t\t\t\t\t<div style=\"font-family: poppins; text-align: justify;\"><p style=\"font-size: 30px; color: #00607b; font-weight: bold; margin: 0;\">Objetivo:<\/p><\/div>\t\t\t\t\t\t\t\t<\/div>\n\t\t\t\t<\/div>\n\t\t\t\t<div class=\"elementor-element elementor-element-f395389 elementor-widget__width-initial elementor-widget elementor-widget-text-editor\" data-id=\"f395389\" data-element_type=\"widget\" data-widget_type=\"text-editor.default\">\n\t\t\t\t<div class=\"elementor-widget-container\">\n\t\t\t\t\t\t\t\t\t<div style=\"font-family: poppins; text-align: justify;\"><p> <\/p><p>ITERA, como empresa dedicada Servicios de consultor\u00eda y formaci\u00f3n de IT, comercializaci\u00f3n de software y servicios de nube, asume su compromiso con laseguridad de la informaci\u00f3n, comprometi\u00e9ndose a la adecuada gesti\u00f3n de la misma, con el fin de ofrecer a todos sus grupos de inter\u00e9s las mayores garant\u00edas en torno a<br>la seguridad de la informaci\u00f3n utilizada. Por todo lo anteriormente expuesto, la Direcci\u00f3n establece los siguientes objetivos de seguridad de la informaci\u00f3n: <\/p><p>\u25cf Proporcionar un marco para aumentar la capacidad de resistencia o resiliencia para dar una respuesta eficaz.<\/p><p>\u25cf Asegurar la recuperaci\u00f3n r\u00e1pida y eficiente de los servicios, frente a cualquier desastre f\u00edsico o contingencia que pudiera ocurrir y que pusiera en riesgo la continuidad de las operaciones<\/p><p>\u25cf Prevenir incidentes de seguridad de la informaci\u00f3n en la medida que sea t\u00e9cnica y econ\u00f3micamente viable, as\u00ed como mitigar los riesgos de seguridad de la informaci\u00f3n generados por nuestras actividades.<\/p><p>\u25cf Garantizar la confidencialidad, integridad, disponibilidad, autenticidad y trazabilidad de la Informaci\u00f3n.<\/p><p>Est\u00e1 pol\u00edtica se complementa con el resto de pol\u00edticas, procedimientos y documentos en vigor para desarrollar nuestro Sistema de Gesti\u00f3n Integral (SGI).<\/p><p><b>Alcance<\/b><\/p><p>Aplica a los iterantes de la BU de Espa\u00f1a.<\/p><\/div>\t\t\t\t\t\t\t\t<\/div>\n\t\t\t\t<\/div>\n\t\t\t\t\t<\/div>\n\t\t\t\t<\/div>\n\t\t<div class=\"elementor-element elementor-element-1157cbe e-flex e-con-boxed e-con e-parent\" data-id=\"1157cbe\" data-element_type=\"container\">\n\t\t\t\t\t<div class=\"e-con-inner\">\n\t\t\t\t<div class=\"elementor-element elementor-element-e867a60 elementor-widget__width-initial elementor-widget elementor-widget-text-editor\" data-id=\"e867a60\" data-element_type=\"widget\" data-widget_type=\"text-editor.default\">\n\t\t\t\t<div class=\"elementor-widget-container\">\n\t\t\t\t\t\t\t\t\t<div style=\"font-family: poppins; text-align: justify;\"><p> <\/p><p>Referencias<\/p><p> <\/p><table class=\"table table-bordered\" style=\"margin-left: auto; margin-right: auto;\"><tbody><tr><td>Real Decreto 311\/2022, de 3 de mayo,<br>por el que se regula el Esquema<br>Nacional de Seguridad<\/td><td><ul class=\"list_default\" style=\"padding-left: 50px !important; list-style: disc;\"><li>Desarrollo del Esquema Nacional de<br>Seguridad<\/li><\/ul><\/td><\/tr><tr><td>Requerimientos regulatorios<\/td><td><ul class=\"list_default\" style=\"padding-left: 50px !important; list-style: disc;\"><li>Conjunto de leyes y normas aplicables<br>en todas las BUs y, en concreto al<br>Esquema Nacional de Seguridad<\/li><\/ul><\/td><\/tr><tr><td>Pol\u00edtica del Sistema de Gesti\u00f3n Integral<br>para Iterantes (SGI)<\/td><td><ul class=\"list_default\" style=\"padding-left: 50px !important; list-style: disc;\"><li>Establece los principios, compromisos<br>y responsabilidades del Sistema de<br>Gesti\u00f3n Integral (SGI) de Itera,<br>alineados con los objetivos estrat\u00e9gicos<br>de la organizaci\u00f3n.<\/li><\/ul><\/td><\/tr><\/tbody><\/table><\/div>\t\t\t\t\t\t\t\t<\/div>\n\t\t\t\t<\/div>\n\t\t\t\t<div class=\"elementor-element elementor-element-d0773b8 elementor-widget__width-initial elementor-widget elementor-widget-text-editor\" data-id=\"d0773b8\" data-element_type=\"widget\" data-widget_type=\"text-editor.default\">\n\t\t\t\t<div class=\"elementor-widget-container\">\n\t\t\t\t\t\t\t\t\t<div style=\"font-family: poppins; text-align: justify;\"><p>Roles y responsabilidades<\/p><table class=\"table table-bordered\" style=\"margin-left: auto; margin-right: auto;\"><thead><tr><td>Alta Direcci\u00f3n<\/td><td><ul class=\"list_default\" style=\"padding-left: 50px !important; list-style: disc;\"><li>Proporcionar los recursos necesarios para el Sistema<\/li><li>Lidera el Sistema<\/li><\/ul><\/td><\/tr><tr><td>Responsable de la<br>Informaci\u00f3n<\/td><td><ul class=\"list_default\" style=\"padding-left: 50px !important; list-style: disc;\"><li>Determina los requisitos de protecci\u00f3n de la informaci\u00f3n (confidencialidad, integridad, disponibilidad, trazabilidad, autenticidad).<\/li><li>Participa en la valoraci\u00f3n de impacto para la categorizaci\u00f3n ENS y en la aceptaci\u00f3n de riesgos relativos a la informaci\u00f3n<\/li><\/ul><\/td><\/tr><tr><td>Responsable de Servicios<\/td><td><ul class=\"list_default\" style=\"padding-left: 50px !important; list-style: disc;\"><li>Determina y aprueba los requisitos delservicio (incluida disponibilidad\/continuidad y requisitos de seguridad aplicables).<\/li><li>Participa en la valoraci\u00f3n de impacto del servicio a efectos de categorizaci\u00f3n ENS.<\/li><li>Prioriza, junto al resto de responsables, las actuaciones necesarias para cumplir el ENS y validar\/aceptar riesgos residuales del servicio cuando proceda.<\/li><\/ul><\/td><\/tr><tr><td>Responsable de<br>Protecci\u00f3n de Datos<br>Personales<\/td><td><ul class=\"list_default\" style=\"padding-left: 50px !important; list-style: disc;\"><li>Asesora e informa al responsable\/encargado y a los equipos sobre obligaciones RGPD\/LOPDGDD y c\u00f3mo se traducen en requisitos para sistemas y servicios.<\/li><li>Supervisa el cumplimiento: pol\u00edticas internas, asignaci\u00f3n de<br>responsabilidades, concienciaci\u00f3n\/formaci\u00f3n y auditor\u00edas relacionadas con protecci\u00f3n de datos.<\/li><li>Asegura que el riesgo y medidas est\u00e9n alineados: que el enfoque de seguridad (ENS) cubra las exigencias de seguridad del tratamiento (art. 32 RGPD) y que el an\u00e1lisis de riesgos\/controles tenga en cuenta lanaturaleza del tratamiento (datos, categor\u00edas, escala,<br>etc.).<\/li><li>Impulsa privacidad desde el dise\u00f1o y por defecto en cambios relevantes del<br>sistema (nuevas funcionalidades, integraciones, terceros, cloud, transferencias), para que los cambios pasen por evaluaci\u00f3n de impacto\/controles antes de implantarse.<\/li><li>Asesora en brechas o incidentes con datos personales: valoraci\u00f3n, criterios de notificaci\u00f3n, coordinaci\u00f3n con Seguridad\/Sistema y trazabilidad de decisiones en Comit\u00e9 para la gesti\u00f3n y coordinaci\u00f3n de la seguridad (Comit\u00e9 ENS).<\/li><\/ul><\/td><\/tr><tr><td>Responsable de Seguridad<\/td><td><ul class=\"list_default\" style=\"padding-left: 50px !important; list-style: disc;\"><li>Propone, coordina y supervisa el marco de seguridad aplicable al sistema\/servicio conforme al ENS.<\/li><li>Impulsa la elaboraci\u00f3n y mantenimiento de la documentaci\u00f3n de seguridad (pol\u00edticas, normativa, procedimientos, gesti\u00f3n de riesgos, etc.).<\/li><li>Coordina la gesti\u00f3n de incidentes de seguridad y el seguimiento de acciones correctoras.<\/li><li>Determina, con base en las valoraciones efectuadas por responsables de servicio\/informaci\u00f3n, la categor\u00eda del sistema cuando corresponda.<\/li><\/ul><\/td><\/tr><tr><td>Responsable de Sistemas<\/td><td><ul class=\"list_default\" style=\"padding-left: 50px !important; list-style: disc;\"><li>Desarrolla e implanta t\u00e9cnicamente las medidas y controles necesarios para cumplir el ENS en el sistema, y supervisar su operaci\u00f3n.<\/li><li>Garantiza la operaci\u00f3n segura del sistema (configuraci\u00f3n, cambios, vulnerabilidades, copias, continuidad, monitorizaci\u00f3n, etc.).<\/li><li>Proporciona evidencias y soporte aauditor\u00edas\/auto-evaluaciones ENS y ejecutar las acciones correctoras aprobadas.<\/li><\/ul><\/td><\/tr><\/thead><\/table><p>Pol\u00edticas<\/p><p>La Alta Direcci\u00f3n se encarga de:<\/p><ul class=\"list_default\" style=\"padding-left: 50px !important; list-style: disc;\"><li>Disponer los medios necesarios y dotar a sus empleados de los recursos<br>suficientes para su cumplimiento, poni\u00e9ndolos en p\u00fablico conocimiento a trav\u00e9s de<br>la presente Pol\u00edtica del ENS dentro del SGI.<br>El Comit\u00e9 ENS se encarga de:<\/li><li>Tomar con autonom\u00eda las decisiones m\u00e1s importantes relacionadas con la<br>seguridad, siendo el \u00f3rgano ejecutivo con mayor responsabilidad dentro del sistema<br>de gesti\u00f3n de seguridad de la informaci\u00f3n, sin tener que subordinar su actividad a<br>ning\u00fan otro elemento de nuestra empresa.<\/li><li>Designar los miembros del Comit\u00e9 ENS, que es el \u00fanico \u00f3rgano que puede<br>nombrarlos, renovarlos y cesarlos, siendo los siguientes miembros:<br>\u25cb Responsable de la informaci\u00f3n.<br>\u25cb Responsable de los servicios<br>\u25cb Responsable de la seguridad.<br>\u25cb Responsable de Sistemas.<\/li><li>Cumplir los requisitos legales aplicables y cualesquiera otros requisitos de<br>compliance que asumamos voluntariamente y los compromisos adquiridos con los<br>clientes, as\u00ed como la actualizaci\u00f3n continua de los mismos.<\/li><li>Preservar los intereses de sus principales partes interesadas (clientes,<br>accionistas, empleados y proveedores), la reputaci\u00f3n, la marca y las actividades de<br>creaci\u00f3n de valor.El Responsable de Seguridad se encarga de:<\/li><li>Identificar las amenazas potenciales, as\u00ed como el impacto en las operaciones de<br>negocio que dichas amenazas, en caso de materializarse, puedan causar.<\/li><li>Mejorar continuamente nuestro sistema de seguridad de la informaci\u00f3n.<\/li><li>Registrar y gestionar los incidentes o brechas considerados como cualquier<br>evento, falla, desviaci\u00f3n, situaci\u00f3n no planificada que interrumpe, degrada o pueda<br>interrumpir la confidencialidad, integridad o disponibilidad, cumplimiento normativo,<br>lineamientos \u00e9ticos y de seguridad.<\/li><li>Gestionar el sistema de informaci\u00f3n, que estar\u00e1 disponible en un repositorio, al<br>cual se puede acceder seg\u00fan los perfiles de acceso concedidos seg\u00fan nuestro<br>procedimiento en vigor de gesti\u00f3n de los accesos.<\/li><li>Evaluar y garantizar la competencia t\u00e9cnica del personal, as\u00ed como asegurar la<br>motivaci\u00f3n adecuada de \u00e9ste para su participaci\u00f3n en la mejora continua de<br>nuestros procesos, proporcionando la formaci\u00f3n y la comunicaci\u00f3n interna<br>adecuada para que desarrollen buenas pr\u00e1cticas definidas en el sistema.<p>El Responsable de la Informaci\u00f3n se encarga de:<\/p><\/li><li><p>Garantizar un an\u00e1lisis de manera continua de todos los procesos relevantes,<br>estableci\u00e9ndose las mejoras pertinentes en cada caso, en funci\u00f3n de los resultados<br>obtenidos y de los objetivos establecidos.<\/p><\/li><li><p>Garantizar el correcto estado de las instalaciones y el equipamiento adecuado, de<br>forma tal que est\u00e9n en correspondencia con la actividad, objetivos y metas de la<br>empresa.<br>El Responsable de Servicios se encarga de:<\/p><\/li><li><p>Trabajar de forma conjunta con nuestros suministradores y subcontratistas con el<br>fin de mejorar la prestaci\u00f3n de servicios de TI, la continuidad de los servicios y la<br>seguridad de la informaci\u00f3n, que repercutan en una mayor eficiencia de nuestra<br>actividad.<br>El Responsable de Sistemas se encarga de:<\/p><\/li><li><p>Garantizar la correcta operaci\u00f3n, mantenimiento y disponibilidad del sistema de<br>informaci\u00f3n.<\/p><\/li><li><p>Implantar y gestionar los controles t\u00e9cnicos, incluidos los perfiles y permisos de<br>acceso, conforme a las pol\u00edticas de seguridad vigentes.<br>El Responsable de Protecci\u00f3n de Datos Personales se encarga de:<\/p><\/li><li><p>Gestionar los incidentes o brechas de datos personales, considerado como<br>cualquier evento, falla, desviaci\u00f3n, situaci\u00f3n no planificada que interrumpe, degrada<br>o pueda interrumpir la confidencialidad, integridad o disponibilidad, cumplimiento<br>normativo, lineamientos \u00e9ticos y de seguridad.<\/p><\/li><li><p>Garantizar el cumplimiento de la normativa de protecci\u00f3n de datos personales,<br>asesorando sobre su correcta aplicaci\u00f3n en los sistemas y procesos.<\/p><\/li><li><p>Supervisar la gesti\u00f3n de riesgos, medidas de protecci\u00f3n y tratamiento de datos<br>personales, incluyendo la formaci\u00f3n y concienciaci\u00f3n del personal.<\/p><\/li><\/ul><\/div>\t\t\t\t\t\t\t\t<\/div>\n\t\t\t\t<\/div>\n\t\t\t\t\t<\/div>\n\t\t\t\t<\/div>\n\t\t\t\t<\/div>\n\t\t","protected":false},"excerpt":{"rendered":"<p>Pol\u00edtica Esquema Nacional de Seguridad Home Pol\u00edtica Esquema Nacional de Seguridad Versi\u00f3n vigente: Objetivo: ITERA, como empresa dedicada Servicios de consultor\u00eda y formaci\u00f3n de IT, comercializaci\u00f3n de software y servicios de nube, asume su compromiso con laseguridad de la informaci\u00f3n, comprometi\u00e9ndose&#8230;<\/p>\n","protected":false},"author":1,"featured_media":0,"parent":0,"menu_order":0,"comment_status":"closed","ping_status":"closed","template":"elementor_header_footer","meta":{"inline_featured_image":false,"_joinchat":[],"footnotes":""},"categories":[],"tags":[],"class_list":["post-23038","page","type-page","status-publish","hentry"],"yoast_head":"<!-- This site is optimized with the Yoast SEO Premium plugin v27.2 (Yoast SEO v27.2) - https:\/\/yoast.com\/product\/yoast-seo-premium-wordpress\/ -->\n<title>Pol\u00edtica Esquema Nacional de Seguridad - Itera Process<\/title>\n<meta name=\"description\" content=\"Pol\u00edtica de Esquema Nacional de Seguridad. El comit\u00e9 para la gesti\u00f3n y coordinaci\u00f3n de la seguridad es el \u00f3rgano con mayor responsabilidad dentro del sistema de gesti\u00f3n de seguridad de la informaci\u00f3n\" \/>\n<meta name=\"robots\" content=\"noindex, follow\" \/>\n<meta property=\"og:locale\" content=\"es_LA\" \/>\n<meta property=\"og:type\" content=\"article\" \/>\n<meta property=\"og:title\" content=\"Pol\u00edtica Esquema Nacional de Seguridad\" \/>\n<meta property=\"og:description\" content=\"Pol\u00edtica de Esquema Nacional de Seguridad. El comit\u00e9 para la gesti\u00f3n y coordinaci\u00f3n de la seguridad es el \u00f3rgano con mayor responsabilidad dentro del sistema de gesti\u00f3n de seguridad de la informaci\u00f3n\" \/>\n<meta property=\"og:url\" content=\"https:\/\/iteraprocess.com\/es_la\/politica-esquema-nacional-de-seguridad\/\" \/>\n<meta property=\"og:site_name\" content=\"Itera Process\" \/>\n<meta property=\"article:publisher\" content=\"https:\/\/www.facebook.com\/IteraBusinessProcess\" \/>\n<meta property=\"article:modified_time\" content=\"2026-04-27T19:46:19+00:00\" \/>\n<meta name=\"twitter:card\" content=\"summary_large_image\" \/>\n<meta name=\"twitter:label1\" content=\"Est. reading time\" \/>\n\t<meta name=\"twitter:data1\" content=\"6 minutes\" \/>\n<script type=\"application\/ld+json\" class=\"yoast-schema-graph\">{\"@context\":\"https:\/\/schema.org\",\"@graph\":[{\"@type\":\"WebPage\",\"@id\":\"https:\/\/iteraprocess.com\/es_la\/politica-esquema-nacional-de-seguridad\/\",\"url\":\"https:\/\/iteraprocess.com\/es_la\/politica-esquema-nacional-de-seguridad\/\",\"name\":\"Pol\u00edtica Esquema Nacional de Seguridad - Itera Process\",\"isPartOf\":{\"@id\":\"https:\/\/iteraprocess.com\/#website\"},\"datePublished\":\"2026-02-13T07:29:00+00:00\",\"dateModified\":\"2026-04-27T19:46:19+00:00\",\"description\":\"Pol\u00edtica de Esquema Nacional de Seguridad. El comit\u00e9 para la gesti\u00f3n y coordinaci\u00f3n de la seguridad es el \u00f3rgano con mayor responsabilidad dentro del sistema de gesti\u00f3n de seguridad de la informaci\u00f3n\",\"breadcrumb\":{\"@id\":\"https:\/\/iteraprocess.com\/es_la\/politica-esquema-nacional-de-seguridad\/#breadcrumb\"},\"inLanguage\":\"es-LA\",\"potentialAction\":[{\"@type\":\"ReadAction\",\"target\":[\"https:\/\/iteraprocess.com\/es_la\/politica-esquema-nacional-de-seguridad\/\"]}]},{\"@type\":\"BreadcrumbList\",\"@id\":\"https:\/\/iteraprocess.com\/es_la\/politica-esquema-nacional-de-seguridad\/#breadcrumb\",\"itemListElement\":[{\"@type\":\"ListItem\",\"position\":1,\"name\":\"Portada\",\"item\":\"https:\/\/iteraprocess.com\/\"},{\"@type\":\"ListItem\",\"position\":2,\"name\":\"Pol\u00edtica Esquema Nacional de Seguridad\"}]},{\"@type\":\"WebSite\",\"@id\":\"https:\/\/iteraprocess.com\/#website\",\"url\":\"https:\/\/iteraprocess.com\/\",\"name\":\"Itera Process\",\"description\":\"\",\"publisher\":{\"@id\":\"https:\/\/iteraprocess.com\/#organization\"},\"potentialAction\":[{\"@type\":\"SearchAction\",\"target\":{\"@type\":\"EntryPoint\",\"urlTemplate\":\"https:\/\/iteraprocess.com\/?s={search_term_string}\"},\"query-input\":{\"@type\":\"PropertyValueSpecification\",\"valueRequired\":true,\"valueName\":\"search_term_string\"}}],\"inLanguage\":\"es-LA\"},{\"@type\":\"Organization\",\"@id\":\"https:\/\/iteraprocess.com\/#organization\",\"name\":\"Itera Process\",\"alternateName\":\"IT ERA\",\"url\":\"https:\/\/iteraprocess.com\/\",\"logo\":{\"@type\":\"ImageObject\",\"inLanguage\":\"es-LA\",\"@id\":\"https:\/\/iteraprocess.com\/#\/schema\/logo\/image\/\",\"url\":\"https:\/\/iteraprocess.com\/wp-content\/uploads\/2026\/03\/2.png\",\"contentUrl\":\"https:\/\/iteraprocess.com\/wp-content\/uploads\/2026\/03\/2.png\",\"width\":1200,\"height\":1200,\"caption\":\"Itera Process\"},\"image\":{\"@id\":\"https:\/\/iteraprocess.com\/#\/schema\/logo\/image\/\"},\"sameAs\":[\"https:\/\/www.facebook.com\/IteraBusinessProcess\",\"https:\/\/www.linkedin.com\/company\/itera-process\"],\"description\":\"Somos especialistas en proyectos complejos de Cloud, Workflow Automation, AI y Data. Aceleramos la transformaci\u00f3n digital de las empresas con un enfoque estrat\u00e9gico, \u00e1gil y centrado en resultados.\",\"email\":\"info.mx.df@iteraprocess.com\",\"telephone\":\"52553300 0650\",\"legalName\":\"IT ERA SA de CV\",\"foundingDate\":\"2001-01-30\",\"vatID\":\"ESB85261071\",\"numberOfEmployees\":{\"@type\":\"QuantitativeValue\",\"minValue\":\"201\",\"maxValue\":\"500\"}}]}<\/script>\n<!-- \/ Yoast SEO Premium plugin. -->","yoast_head_json":{"title":"Pol\u00edtica Esquema Nacional de Seguridad - Itera Process","description":"Pol\u00edtica de Esquema Nacional de Seguridad. El comit\u00e9 para la gesti\u00f3n y coordinaci\u00f3n de la seguridad es el \u00f3rgano con mayor responsabilidad dentro del sistema de gesti\u00f3n de seguridad de la informaci\u00f3n","robots":{"index":"noindex","follow":"follow"},"og_locale":"es_LA","og_type":"article","og_title":"Pol\u00edtica Esquema Nacional de Seguridad","og_description":"Pol\u00edtica de Esquema Nacional de Seguridad. El comit\u00e9 para la gesti\u00f3n y coordinaci\u00f3n de la seguridad es el \u00f3rgano con mayor responsabilidad dentro del sistema de gesti\u00f3n de seguridad de la informaci\u00f3n","og_url":"https:\/\/iteraprocess.com\/es_la\/politica-esquema-nacional-de-seguridad\/","og_site_name":"Itera Process","article_publisher":"https:\/\/www.facebook.com\/IteraBusinessProcess","article_modified_time":"2026-04-27T19:46:19+00:00","twitter_card":"summary_large_image","twitter_misc":{"Est. reading time":"6 minutes"},"schema":{"@context":"https:\/\/schema.org","@graph":[{"@type":"WebPage","@id":"https:\/\/iteraprocess.com\/es_la\/politica-esquema-nacional-de-seguridad\/","url":"https:\/\/iteraprocess.com\/es_la\/politica-esquema-nacional-de-seguridad\/","name":"Pol\u00edtica Esquema Nacional de Seguridad - Itera Process","isPartOf":{"@id":"https:\/\/iteraprocess.com\/#website"},"datePublished":"2026-02-13T07:29:00+00:00","dateModified":"2026-04-27T19:46:19+00:00","description":"Pol\u00edtica de Esquema Nacional de Seguridad. El comit\u00e9 para la gesti\u00f3n y coordinaci\u00f3n de la seguridad es el \u00f3rgano con mayor responsabilidad dentro del sistema de gesti\u00f3n de seguridad de la informaci\u00f3n","breadcrumb":{"@id":"https:\/\/iteraprocess.com\/es_la\/politica-esquema-nacional-de-seguridad\/#breadcrumb"},"inLanguage":"es-LA","potentialAction":[{"@type":"ReadAction","target":["https:\/\/iteraprocess.com\/es_la\/politica-esquema-nacional-de-seguridad\/"]}]},{"@type":"BreadcrumbList","@id":"https:\/\/iteraprocess.com\/es_la\/politica-esquema-nacional-de-seguridad\/#breadcrumb","itemListElement":[{"@type":"ListItem","position":1,"name":"Portada","item":"https:\/\/iteraprocess.com\/"},{"@type":"ListItem","position":2,"name":"Pol\u00edtica Esquema Nacional de Seguridad"}]},{"@type":"WebSite","@id":"https:\/\/iteraprocess.com\/#website","url":"https:\/\/iteraprocess.com\/","name":"Itera Process","description":"","publisher":{"@id":"https:\/\/iteraprocess.com\/#organization"},"potentialAction":[{"@type":"SearchAction","target":{"@type":"EntryPoint","urlTemplate":"https:\/\/iteraprocess.com\/?s={search_term_string}"},"query-input":{"@type":"PropertyValueSpecification","valueRequired":true,"valueName":"search_term_string"}}],"inLanguage":"es-LA"},{"@type":"Organization","@id":"https:\/\/iteraprocess.com\/#organization","name":"Itera Process","alternateName":"IT ERA","url":"https:\/\/iteraprocess.com\/","logo":{"@type":"ImageObject","inLanguage":"es-LA","@id":"https:\/\/iteraprocess.com\/#\/schema\/logo\/image\/","url":"https:\/\/iteraprocess.com\/wp-content\/uploads\/2026\/03\/2.png","contentUrl":"https:\/\/iteraprocess.com\/wp-content\/uploads\/2026\/03\/2.png","width":1200,"height":1200,"caption":"Itera Process"},"image":{"@id":"https:\/\/iteraprocess.com\/#\/schema\/logo\/image\/"},"sameAs":["https:\/\/www.facebook.com\/IteraBusinessProcess","https:\/\/www.linkedin.com\/company\/itera-process"],"description":"Somos especialistas en proyectos complejos de Cloud, Workflow Automation, AI y Data. Aceleramos la transformaci\u00f3n digital de las empresas con un enfoque estrat\u00e9gico, \u00e1gil y centrado en resultados.","email":"info.mx.df@iteraprocess.com","telephone":"52553300 0650","legalName":"IT ERA SA de CV","foundingDate":"2001-01-30","vatID":"ESB85261071","numberOfEmployees":{"@type":"QuantitativeValue","minValue":"201","maxValue":"500"}}]}},"_links":{"self":[{"href":"https:\/\/iteraprocess.com\/es_la\/wp-json\/wp\/v2\/pages\/23038","targetHints":{"allow":["GET"]}}],"collection":[{"href":"https:\/\/iteraprocess.com\/es_la\/wp-json\/wp\/v2\/pages"}],"about":[{"href":"https:\/\/iteraprocess.com\/es_la\/wp-json\/wp\/v2\/types\/page"}],"author":[{"embeddable":true,"href":"https:\/\/iteraprocess.com\/es_la\/wp-json\/wp\/v2\/users\/1"}],"replies":[{"embeddable":true,"href":"https:\/\/iteraprocess.com\/es_la\/wp-json\/wp\/v2\/comments?post=23038"}],"version-history":[{"count":5,"href":"https:\/\/iteraprocess.com\/es_la\/wp-json\/wp\/v2\/pages\/23038\/revisions"}],"predecessor-version":[{"id":30811,"href":"https:\/\/iteraprocess.com\/es_la\/wp-json\/wp\/v2\/pages\/23038\/revisions\/30811"}],"wp:attachment":[{"href":"https:\/\/iteraprocess.com\/es_la\/wp-json\/wp\/v2\/media?parent=23038"}],"wp:term":[{"taxonomy":"category","embeddable":true,"href":"https:\/\/iteraprocess.com\/es_la\/wp-json\/wp\/v2\/categories?post=23038"},{"taxonomy":"post_tag","embeddable":true,"href":"https:\/\/iteraprocess.com\/es_la\/wp-json\/wp\/v2\/tags?post=23038"}],"curies":[{"name":"wp","href":"https:\/\/api.w.org\/{rel}","templated":true}]}}